{"id":391,"date":"2015-06-25T17:58:13","date_gmt":"2015-06-25T15:58:13","guid":{"rendered":"http:\/\/festival-ismotscroises.fr\/?page_id=391"},"modified":"2019-11-09T16:04:16","modified_gmt":"2019-11-09T15:04:16","slug":"infos-legales","status":"publish","type":"page","link":"https:\/\/festival-ismotscroises.fr\/?page_id=391","title":{"rendered":"Infos l\u00e9gales"},"content":{"rendered":"<div id=\"pl-391\"  class=\"panel-layout\" ><div id=\"pg-391-0\"  class=\"panel-grid panel-no-style\" ><div id=\"pgc-391-0-0\"  class=\"panel-grid-cell\" ><div id=\"panel-391-0-0-0\" class=\"so-panel widget widget_metaslider_widget panel-first-child\" data-index=\"0\" ><div id=\"metaslider-id-1464\" style=\"width: 100%; margin: 0 auto;\" class=\"ml-slider-3-70-2 ml-slider-pro-2-18-3 metaslider metaslider-flex metaslider-1464 ml-slider ml-slider-lightbox-1-12-0 lightbox-disabled ms-theme-default nav-hidden\" role=\"region\" aria-roledescription=\"Slideshow\" aria-label=\"SLIDER4\">\n    <div id=\"metaslider_container_1464\">\n        <div id=\"metaslider_1464\" class=\"flexslider\">\n            <ul aria-live=\"polite\" class=\"slides\">\n                <li style=\"display: block; width: 100%;\" class=\"slide-1461 ms-image \" aria-roledescription=\"slide\" aria-label=\"slide-1461\"><img loading=\"lazy\" decoding=\"async\" src=\"https:\/\/festival-ismotscroises.fr\/wp-content\/uploads\/2015\/07\/INFOSLEGALES-001.jpg\" height=\"600\" width=\"430\" alt=\"\" class=\"slider-1464 slide-1461\" \/><\/li>\n                <li style=\"display: none; width: 100%;\" class=\"slide-1462 ms-image \" aria-roledescription=\"slide\" aria-label=\"slide-1462\"><img loading=\"lazy\" decoding=\"async\" src=\"https:\/\/festival-ismotscroises.fr\/wp-content\/uploads\/2015\/07\/INFOSLEGALES-002.jpg\" height=\"600\" width=\"430\" alt=\"\" class=\"slider-1464 slide-1462\" \/><\/li>\n                <li style=\"display: none; width: 100%;\" class=\"slide-1463 ms-image \" aria-roledescription=\"slide\" aria-label=\"slide-1463\"><img loading=\"lazy\" decoding=\"async\" src=\"https:\/\/festival-ismotscroises.fr\/wp-content\/uploads\/2015\/07\/INFOSLEGALES-003.jpg\" height=\"600\" width=\"430\" alt=\"\" class=\"slider-1464 slide-1463\" \/><\/li>\n            <\/ul>\n        <\/div>\n        \n    <\/div>\n<\/div><\/div><div id=\"panel-391-0-0-1\" class=\"so-panel widget widget_black-studio-tinymce widget_black_studio_tinymce panel-last-child\" data-index=\"1\" ><div class=\"textwidget\"><p>Extraits du premier site <em><strong>motscroises.org<\/strong><\/em> mis en ligne en 1998<\/p>\n<\/div><\/div><\/div><div id=\"pgc-391-0-1\"  class=\"panel-grid-cell\" ><div id=\"panel-391-0-1-0\" class=\"so-panel widget widget_black-studio-tinymce widget_black_studio_tinymce panel-first-child panel-last-child\" data-index=\"2\" ><div class=\"textwidget\"><h3><strong>Infos l\u00e9gales<\/strong><\/h3>\n<p>La consultation de ce site internet suppose l\u2019acceptation sans r\u00e9serve des pr\u00e9sentes conditions d\u2019utilisation.<br \/>\n<strong>Identification de l\u2019\u00e9diteur du site :<\/strong><br \/>\nLe site Internet <strong>www.festival-ismotscroises.fr<\/strong> est \u00e9dit\u00e9 par <strong>l\u2019association IS MOTS CROIS\u00c9S<\/strong><br \/>\n<strong>Administration du site \/ Textes \/ Photos :<\/strong><br \/>\n<strong>Jean Ben Aim<\/strong><br \/>\n<a href=\"mailto:contact@motscroises.org\">contact@motscroises.org<\/a><\/p>\n<p><strong>Conception graphique - D\u00e9veloppement<\/strong> :<br \/>\nTRAIT DE CARACTERE<br \/>\nAdresse web :\u00a0<a href=\"http:\/\/www.traitdecaractere.fr\" target=\"_blank\" rel=\"noopener\">www.traitdecaractere.fr<\/a><br \/>\nAdresse Postale : 1 Ruelle des soupirs\u00a0 52190 Vaux-sous-Aubigny<br \/>\nAdresse \u00e9lectronique (E-Mail) :\u00a0<a href=\"mailto:traitdecaractere@orange.fr\">traitdecaractere@orange.fr<\/a><br \/>\nT\u00e9l\u00e9phone : + 33 (0)9 71 28 58 31<\/p>\n<p>Le site est h\u00e9berg\u00e9 en France sur les serveurs de la soci\u00e9t\u00e9\u00a0OVH<br \/>\nAdresse web :\u00a0<a href=\"http:\/\/www.ovh.com\" target=\"_blank\" rel=\"noopener\">www.ovh.com<\/a><br \/>\nAdresse Postale :\u00a02 rue kellermann \u2022 BP 80157 \u2022 59053 ROUBAIX Cedex 1 \u2022\u00a0T\u00e9l. +33 (0)8 203 203 63 \u2022\u00a0support@ovh.com<\/p>\n<p><strong>Propri\u00e9t\u00e9 intellectuelle<\/strong><br \/>\nL\u2019acc\u00e8s au site\u00a0<em>www.festival-ismotscroises.fr<\/em> vous conf\u00e8re un droit d\u2019usage priv\u00e9 et non exclusif de ce site.<br \/>\nTous les articles, photographies et autres documents pr\u00e9sent\u00e9s sur ce site sont la propri\u00e9t\u00e9 de l\u2019association <em>Is mots crois\u00e9s<\/em>\u00a0ou sont reproduits avec l\u2019autorisation de leurs propri\u00e9taires, et sont soumis au droit d\u2019auteur et autres droits de propri\u00e9t\u00e9 intellectuelle ou industrielle.<br \/>\nL\u2019utilisation frauduleuse de tout contenu du site Internet est totalement interdite.<br \/>\nLe site <em>www.festival-ismotscroises.fr<\/em> est h\u00e9berg\u00e9 par la soci\u00e9t\u00e9 OVH dont le si\u00e8ge social est situ\u00e9 au 15 rue de la nu\u00e9e bleue, 67000 Strasbourg, t\u00e9l\u00e9phone : 03 88 75 80 50. Ce prestataire assure le stockage direct et permanent de ces sites.<\/p>\n<\/div><\/div><\/div><\/div><div id=\"pg-391-1\"  class=\"panel-grid panel-no-style\" ><div id=\"pgc-391-1-0\"  class=\"panel-grid-cell\" ><div id=\"panel-391-1-0-0\" class=\"so-panel widget widget_black-studio-tinymce widget_black_studio_tinymce panel-first-child panel-last-child\" data-index=\"3\" ><div class=\"textwidget\"><p><img loading=\"lazy\" decoding=\"async\" class=\" size-full wp-image-1496 alignright\" src=\"http:\/\/festival-ismotscroises.fr\/wp-content\/uploads\/2015\/07\/ISMOTSCROISES-LOGO.png\" alt=\"ISMOTSCROISES-LOGO\" width=\"152\" height=\"150\" \/><\/p>\n<\/div><\/div><\/div><\/div><\/div>","protected":false},"excerpt":{"rendered":"<p>Extraits du premier site motscroises.org mis en ligne en 1998 Infos l\u00e9gales La consultation de ce site internet suppose l\u2019acceptation sans r\u00e9serve des pr\u00e9sentes conditions d\u2019utilisation. Identification de l\u2019\u00e9diteur du site : Le site Internet www.festival-ismotscroises.fr est \u00e9dit\u00e9 par l\u2019association IS MOTS CROIS\u00c9S Administration du site \/ Textes \/ Photos : Jean Ben Aim contact@motscroises.org [&hellip;]<\/p>\n","protected":false},"author":2,"featured_media":0,"parent":0,"menu_order":0,"comment_status":"closed","ping_status":"closed","template":"templates\/template-full-notitle.php","meta":{"_monsterinsights_skip_tracking":false,"_monsterinsights_sitenote_active":false,"_monsterinsights_sitenote_note":"","_monsterinsights_sitenote_category":0,"footnotes":""},"class_list":["post-391","page","type-page","status-publish","hentry","post"],"yoast_head":"<!-- This site is optimized with the Yoast SEO plugin v22.6 - https:\/\/yoast.com\/wordpress\/plugins\/seo\/ -->\n<title>Infos l\u00e9gales - Le Festival des mots crois\u00e9s \u00e0 Is-sur-Tille<\/title>\n<meta name=\"robots\" content=\"index, follow, max-snippet:-1, max-image-preview:large, max-video-preview:-1\" \/>\n<link rel=\"canonical\" href=\"https:\/\/festival-ismotscroises.fr\/?page_id=391\" \/>\n<meta property=\"og:locale\" content=\"fr_FR\" \/>\n<meta property=\"og:type\" content=\"article\" \/>\n<meta property=\"og:title\" content=\"Infos l\u00e9gales - Le Festival des mots crois\u00e9s \u00e0 Is-sur-Tille\" \/>\n<meta property=\"og:description\" content=\"Extraits du premier site motscroises.org mis en ligne en 1998 Infos l\u00e9gales La consultation de ce site internet suppose l\u2019acceptation sans r\u00e9serve des pr\u00e9sentes conditions d\u2019utilisation. Identification de l\u2019\u00e9diteur du site : Le site Internet www.festival-ismotscroises.fr est \u00e9dit\u00e9 par l\u2019association IS MOTS CROIS\u00c9S Administration du site \/ Textes \/ Photos : Jean Ben Aim contact@motscroises.org [&hellip;]\" \/>\n<meta property=\"og:url\" content=\"https:\/\/festival-ismotscroises.fr\/?page_id=391\" \/>\n<meta property=\"og:site_name\" content=\"Le Festival des mots crois\u00e9s \u00e0 Is-sur-Tille\" \/>\n<meta property=\"article:modified_time\" content=\"2019-11-09T15:04:16+00:00\" \/>\n<meta property=\"og:image\" content=\"http:\/\/festival-ismotscroises.fr\/wp-content\/uploads\/2015\/07\/ISMOTSCROISES-LOGO.png\" \/>\n<meta name=\"twitter:card\" content=\"summary_large_image\" \/>\n<meta name=\"twitter:label1\" content=\"Dur\u00e9e de lecture estim\u00e9e\" \/>\n\t<meta name=\"twitter:data1\" content=\"1 minute\" \/>\n<script type=\"application\/ld+json\" class=\"yoast-schema-graph\">{\"@context\":\"https:\/\/schema.org\",\"@graph\":[{\"@type\":\"WebPage\",\"@id\":\"https:\/\/festival-ismotscroises.fr\/?page_id=391\",\"url\":\"https:\/\/festival-ismotscroises.fr\/?page_id=391\",\"name\":\"Infos l\u00e9gales - Le Festival des mots crois\u00e9s \u00e0 Is-sur-Tille\",\"isPartOf\":{\"@id\":\"https:\/\/festival-ismotscroises.fr\/#website\"},\"primaryImageOfPage\":{\"@id\":\"https:\/\/festival-ismotscroises.fr\/?page_id=391#primaryimage\"},\"image\":{\"@id\":\"https:\/\/festival-ismotscroises.fr\/?page_id=391#primaryimage\"},\"thumbnailUrl\":\"http:\/\/festival-ismotscroises.fr\/wp-content\/uploads\/2015\/07\/ISMOTSCROISES-LOGO.png\",\"datePublished\":\"2015-06-25T15:58:13+00:00\",\"dateModified\":\"2019-11-09T15:04:16+00:00\",\"breadcrumb\":{\"@id\":\"https:\/\/festival-ismotscroises.fr\/?page_id=391#breadcrumb\"},\"inLanguage\":\"fr-FR\",\"potentialAction\":[{\"@type\":\"ReadAction\",\"target\":[\"https:\/\/festival-ismotscroises.fr\/?page_id=391\"]}]},{\"@type\":\"ImageObject\",\"inLanguage\":\"fr-FR\",\"@id\":\"https:\/\/festival-ismotscroises.fr\/?page_id=391#primaryimage\",\"url\":\"https:\/\/festival-ismotscroises.fr\/wp-content\/uploads\/2015\/07\/ISMOTSCROISES-LOGO.png\",\"contentUrl\":\"https:\/\/festival-ismotscroises.fr\/wp-content\/uploads\/2015\/07\/ISMOTSCROISES-LOGO.png\",\"width\":152,\"height\":150},{\"@type\":\"BreadcrumbList\",\"@id\":\"https:\/\/festival-ismotscroises.fr\/?page_id=391#breadcrumb\",\"itemListElement\":[{\"@type\":\"ListItem\",\"position\":1,\"name\":\"Accueil\",\"item\":\"https:\/\/festival-ismotscroises.fr\/\"},{\"@type\":\"ListItem\",\"position\":2,\"name\":\"Infos l\u00e9gales\"}]},{\"@type\":\"WebSite\",\"@id\":\"https:\/\/festival-ismotscroises.fr\/#website\",\"url\":\"https:\/\/festival-ismotscroises.fr\/\",\"name\":\"Le Festival des mots crois\u00e9s \u00e0 Is-sur-Tille\",\"description\":\"La ville d&#039;Is-sur-Tille, en C\u00f4te-d&#039;Or, organise un festival annuel de mots crois\u00e9s depuis 1990..\",\"potentialAction\":[{\"@type\":\"SearchAction\",\"target\":{\"@type\":\"EntryPoint\",\"urlTemplate\":\"https:\/\/festival-ismotscroises.fr\/?s={search_term_string}\"},\"query-input\":\"required name=search_term_string\"}],\"inLanguage\":\"fr-FR\"}]}<\/script>\n<!-- \/ Yoast SEO plugin. -->","yoast_head_json":{"title":"Infos l\u00e9gales - Le Festival des mots crois\u00e9s \u00e0 Is-sur-Tille","robots":{"index":"index","follow":"follow","max-snippet":"max-snippet:-1","max-image-preview":"max-image-preview:large","max-video-preview":"max-video-preview:-1"},"canonical":"https:\/\/festival-ismotscroises.fr\/?page_id=391","og_locale":"fr_FR","og_type":"article","og_title":"Infos l\u00e9gales - Le Festival des mots crois\u00e9s \u00e0 Is-sur-Tille","og_description":"Extraits du premier site motscroises.org mis en ligne en 1998 Infos l\u00e9gales La consultation de ce site internet suppose l\u2019acceptation sans r\u00e9serve des pr\u00e9sentes conditions d\u2019utilisation. Identification de l\u2019\u00e9diteur du site : Le site Internet www.festival-ismotscroises.fr est \u00e9dit\u00e9 par l\u2019association IS MOTS CROIS\u00c9S Administration du site \/ Textes \/ Photos : Jean Ben Aim contact@motscroises.org [&hellip;]","og_url":"https:\/\/festival-ismotscroises.fr\/?page_id=391","og_site_name":"Le Festival des mots crois\u00e9s \u00e0 Is-sur-Tille","article_modified_time":"2019-11-09T15:04:16+00:00","og_image":[{"url":"http:\/\/festival-ismotscroises.fr\/wp-content\/uploads\/2015\/07\/ISMOTSCROISES-LOGO.png"}],"twitter_card":"summary_large_image","twitter_misc":{"Dur\u00e9e de lecture estim\u00e9e":"1 minute"},"schema":{"@context":"https:\/\/schema.org","@graph":[{"@type":"WebPage","@id":"https:\/\/festival-ismotscroises.fr\/?page_id=391","url":"https:\/\/festival-ismotscroises.fr\/?page_id=391","name":"Infos l\u00e9gales - Le Festival des mots crois\u00e9s \u00e0 Is-sur-Tille","isPartOf":{"@id":"https:\/\/festival-ismotscroises.fr\/#website"},"primaryImageOfPage":{"@id":"https:\/\/festival-ismotscroises.fr\/?page_id=391#primaryimage"},"image":{"@id":"https:\/\/festival-ismotscroises.fr\/?page_id=391#primaryimage"},"thumbnailUrl":"http:\/\/festival-ismotscroises.fr\/wp-content\/uploads\/2015\/07\/ISMOTSCROISES-LOGO.png","datePublished":"2015-06-25T15:58:13+00:00","dateModified":"2019-11-09T15:04:16+00:00","breadcrumb":{"@id":"https:\/\/festival-ismotscroises.fr\/?page_id=391#breadcrumb"},"inLanguage":"fr-FR","potentialAction":[{"@type":"ReadAction","target":["https:\/\/festival-ismotscroises.fr\/?page_id=391"]}]},{"@type":"ImageObject","inLanguage":"fr-FR","@id":"https:\/\/festival-ismotscroises.fr\/?page_id=391#primaryimage","url":"https:\/\/festival-ismotscroises.fr\/wp-content\/uploads\/2015\/07\/ISMOTSCROISES-LOGO.png","contentUrl":"https:\/\/festival-ismotscroises.fr\/wp-content\/uploads\/2015\/07\/ISMOTSCROISES-LOGO.png","width":152,"height":150},{"@type":"BreadcrumbList","@id":"https:\/\/festival-ismotscroises.fr\/?page_id=391#breadcrumb","itemListElement":[{"@type":"ListItem","position":1,"name":"Accueil","item":"https:\/\/festival-ismotscroises.fr\/"},{"@type":"ListItem","position":2,"name":"Infos l\u00e9gales"}]},{"@type":"WebSite","@id":"https:\/\/festival-ismotscroises.fr\/#website","url":"https:\/\/festival-ismotscroises.fr\/","name":"Le Festival des mots crois\u00e9s \u00e0 Is-sur-Tille","description":"La ville d&#039;Is-sur-Tille, en C\u00f4te-d&#039;Or, organise un festival annuel de mots crois\u00e9s depuis 1990..","potentialAction":[{"@type":"SearchAction","target":{"@type":"EntryPoint","urlTemplate":"https:\/\/festival-ismotscroises.fr\/?s={search_term_string}"},"query-input":"required name=search_term_string"}],"inLanguage":"fr-FR"}]}},"_links":{"self":[{"href":"https:\/\/festival-ismotscroises.fr\/index.php?rest_route=\/wp\/v2\/pages\/391","targetHints":{"allow":["GET"]}}],"collection":[{"href":"https:\/\/festival-ismotscroises.fr\/index.php?rest_route=\/wp\/v2\/pages"}],"about":[{"href":"https:\/\/festival-ismotscroises.fr\/index.php?rest_route=\/wp\/v2\/types\/page"}],"author":[{"embeddable":true,"href":"https:\/\/festival-ismotscroises.fr\/index.php?rest_route=\/wp\/v2\/users\/2"}],"replies":[{"embeddable":true,"href":"https:\/\/festival-ismotscroises.fr\/index.php?rest_route=%2Fwp%2Fv2%2Fcomments&post=391"}],"version-history":[{"count":26,"href":"https:\/\/festival-ismotscroises.fr\/index.php?rest_route=\/wp\/v2\/pages\/391\/revisions"}],"predecessor-version":[{"id":3554,"href":"https:\/\/festival-ismotscroises.fr\/index.php?rest_route=\/wp\/v2\/pages\/391\/revisions\/3554"}],"wp:attachment":[{"href":"https:\/\/festival-ismotscroises.fr\/index.php?rest_route=%2Fwp%2Fv2%2Fmedia&parent=391"}],"curies":[{"name":"wp","href":"https:\/\/api.w.org\/{rel}","templated":true}]}}