{"id":233,"date":"2015-06-18T21:04:13","date_gmt":"2015-06-18T19:04:13","guid":{"rendered":"http:\/\/festival-ismotscroises.fr\/?page_id=233"},"modified":"2023-03-24T15:51:42","modified_gmt":"2023-03-24T14:51:42","slug":"tournoi-des-colleges-16","status":"publish","type":"page","link":"https:\/\/festival-ismotscroises.fr\/?page_id=233","title":{"rendered":"Tournoi des coll\u00e8ges"},"content":{"rendered":"<div id=\"pl-233\"  class=\"panel-layout\" ><div id=\"pg-233-0\"  class=\"panel-grid panel-no-style\" ><div id=\"pgc-233-0-0\"  class=\"panel-grid-cell\" ><div id=\"panel-233-0-0-0\" class=\"so-panel widget panel-first-child panel-last-child\" data-index=\"0\" ><\/div><\/div><div id=\"pgc-233-0-1\"  class=\"panel-grid-cell\" ><div id=\"panel-233-0-1-0\" class=\"so-panel widget widget_black-studio-tinymce widget_black_studio_tinymce panel-first-child\" data-index=\"1\" ><div class=\"textwidget\"><h3 style=\"text-align: justify;\"><strong>Tournoi des coll\u00e8ges 2001<\/strong><\/h3>\n<p style=\"text-align: justify;\">Les participants\u00a0\u2028\u00c9l\u00e8ves de 5e aux coll\u00e8ges d'Is-sur-Tille et de Selongey, tous les candidats \u00e9taient issus d'une s\u00e9lection qui a eu lieu au mois d'avril.<\/p>\n<h4 style=\"text-align: justify;\"><strong>Un tournoi tr\u00e8s disput\u00e9\u2028<\/strong><\/h4>\n<p style=\"text-align: justify;\">Sur le papier, les chances semblaient in\u00e9gales puisque le coll\u00e8ge Champ Lumi\u00e8re ne pr\u00e9sentait que 5 \u00e9quipes contre 11 pour son rival d'Is-sur-Tille, le coll\u00e8ge Paul Fort.\u2028Pourtant, les deux coll\u00e8ges sont rest\u00e9s au coude \u00e0 coude jusqu'aux toutes derni\u00e8res minutes de la finale, perdue de peu par l'\u00e9quipe Julie \/ Margot, de Selongey.\u2028<br \/>En effet, les deux jeunes filles ont su compl\u00e9ter leur grille en une dizaine de minutes et ont alors arr\u00eat\u00e9 la partie. Malheureusement, leurs r\u00e9ponses comportaient une faute... et le titre est revenu, conform\u00e9ment au r\u00e8glement, \u00e0 leurs adversaires d'Is-sur-Tille Valentin et Jos\u00e9phine.<\/p>\n<h4 style=\"text-align: justify;\"><strong>Une simple faute d'inattention<\/strong><\/h4>\n<p style=\"text-align: justify;\">Tzar \u00e9crit tsar. Les deux orthographes sont recevables, mais le mot \u00e9tait crois\u00e9 avec clorez (d\u00e9finition : fermerez) et non clores, qui n'existe pas.<\/p>\n<\/div><\/div><div id=\"panel-233-0-1-1\" class=\"so-panel widget widget_sow-button\" data-index=\"2\" ><div\n\t\t\t\n\t\t\tclass=\"so-widget-sow-button so-widget-sow-button-atom-2fa5db29757e-233\"\n\t\t\t\n\t\t><div class=\"ow-button-base ow-button-align-left\">\n\t<a\n\thref=\"http:\/\/festival-ismotscroises.fr\/wp-content\/uploads\/2015\/06\/2001-TDC-GRILLE.pdf\"\n\t\tclass=\"ow-icon-placement-left ow-button-hover\" target=\"_blank\" rel=\"noopener noreferrer\" \t>\n\t\t<span>\n\t\t\t\n\t\t\tT\u00e9l\u00e9chargez la grille\t\t<\/span>\n\t<\/a>\n<\/div>\n<\/div><\/div><div id=\"panel-233-0-1-2\" class=\"so-panel widget widget_sow-button panel-last-child\" data-index=\"3\" ><div\n\t\t\t\n\t\t\tclass=\"so-widget-sow-button so-widget-sow-button-atom-2fa5db29757e-233\"\n\t\t\t\n\t\t><div class=\"ow-button-base ow-button-align-left\">\n\t<a\n\thref=\"http:\/\/festival-ismotscroises.fr\/wp-content\/uploads\/2015\/06\/2001-TDC-GRILLE-SOL.pdf\"\n\t\tclass=\"ow-icon-placement-left ow-button-hover\" target=\"_blank\" rel=\"noopener noreferrer\" \t>\n\t\t<span>\n\t\t\t\n\t\t\tT\u00e9l\u00e9chargez la solution\t\t<\/span>\n\t<\/a>\n<\/div>\n<\/div><\/div><\/div><\/div><div id=\"pg-233-1\"  class=\"panel-grid panel-no-style\" ><div id=\"pgc-233-1-0\"  class=\"panel-grid-cell\" ><div id=\"panel-233-1-0-0\" class=\"so-panel widget widget_black-studio-tinymce widget_black_studio_tinymce panel-first-child panel-last-child\" data-index=\"4\" ><div class=\"textwidget\"><p><img loading=\"lazy\" decoding=\"async\" class=\" size-medium wp-image-742 aligncenter\" src=\"http:\/\/festival-ismotscroises.fr\/wp-content\/uploads\/2015\/06\/MASCOTTE-300x264.png\" alt=\"MASCOTTE\" width=\"300\" height=\"264\" srcset=\"https:\/\/festival-ismotscroises.fr\/wp-content\/uploads\/2015\/06\/MASCOTTE-300x264.png 300w, https:\/\/festival-ismotscroises.fr\/wp-content\/uploads\/2015\/06\/MASCOTTE.png 535w\" sizes=\"auto, (max-width: 300px) 100vw, 300px\" \/><\/p>\n<\/div><\/div><\/div><\/div><\/div>","protected":false},"excerpt":{"rendered":"<p>Tournoi des coll\u00e8ges 2001Les participants\u00a0\u2028\u00c9l\u00e8ves de 5e aux coll\u00e8ges d&rsquo;Is-sur-Tille et de Selongey, tous les candidats \u00e9taient issus d&rsquo;une s\u00e9lection qui a eu lieu au mois d&rsquo;avril.Un tournoi tr\u00e8s disput\u00e9\u2028Sur le papier, les chances semblaient in\u00e9gales puisque le coll\u00e8ge Champ Lumi\u00e8re ne pr\u00e9sentait que 5 \u00e9quipes contre 11 pour son rival d&rsquo;Is-sur-Tille, le coll\u00e8ge Paul [&hellip;]<\/p>\n","protected":false},"author":2,"featured_media":0,"parent":0,"menu_order":0,"comment_status":"closed","ping_status":"closed","template":"templates\/template-full-notitle.php","meta":{"_monsterinsights_skip_tracking":false,"_monsterinsights_sitenote_active":false,"_monsterinsights_sitenote_note":"","_monsterinsights_sitenote_category":0,"footnotes":""},"class_list":["post-233","page","type-page","status-publish","hentry","post"],"yoast_head":"<!-- This site is optimized with the Yoast SEO plugin v22.6 - https:\/\/yoast.com\/wordpress\/plugins\/seo\/ -->\n<title>Tournoi des coll\u00e8ges - Le Festival des mots crois\u00e9s \u00e0 Is-sur-Tille<\/title>\n<meta name=\"robots\" content=\"index, follow, max-snippet:-1, max-image-preview:large, max-video-preview:-1\" \/>\n<link rel=\"canonical\" href=\"https:\/\/festival-ismotscroises.fr\/?page_id=233\" \/>\n<meta property=\"og:locale\" content=\"fr_FR\" \/>\n<meta property=\"og:type\" content=\"article\" \/>\n<meta property=\"og:title\" content=\"Tournoi des coll\u00e8ges - Le Festival des mots crois\u00e9s \u00e0 Is-sur-Tille\" \/>\n<meta property=\"og:description\" content=\"Tournoi des coll\u00e8ges 2001Les participants\u00a0\u2028\u00c9l\u00e8ves de 5e aux coll\u00e8ges d&#039;Is-sur-Tille et de Selongey, tous les candidats \u00e9taient issus d&#039;une s\u00e9lection qui a eu lieu au mois d&#039;avril.Un tournoi tr\u00e8s disput\u00e9\u2028Sur le papier, les chances semblaient in\u00e9gales puisque le coll\u00e8ge Champ Lumi\u00e8re ne pr\u00e9sentait que 5 \u00e9quipes contre 11 pour son rival d&#039;Is-sur-Tille, le coll\u00e8ge Paul [&hellip;]\" \/>\n<meta property=\"og:url\" content=\"https:\/\/festival-ismotscroises.fr\/?page_id=233\" \/>\n<meta property=\"og:site_name\" content=\"Le Festival des mots crois\u00e9s \u00e0 Is-sur-Tille\" \/>\n<meta property=\"article:modified_time\" content=\"2023-03-24T14:51:42+00:00\" \/>\n<meta property=\"og:image\" content=\"http:\/\/festival-ismotscroises.fr\/wp-content\/plugins\/easy-media-gallery-pro\/includes\/images\/trans.png\" \/>\n<meta name=\"twitter:card\" content=\"summary_large_image\" \/>\n<meta name=\"twitter:label1\" content=\"Dur\u00e9e de lecture estim\u00e9e\" \/>\n\t<meta name=\"twitter:data1\" content=\"1 minute\" \/>\n<script type=\"application\/ld+json\" class=\"yoast-schema-graph\">{\"@context\":\"https:\/\/schema.org\",\"@graph\":[{\"@type\":\"WebPage\",\"@id\":\"https:\/\/festival-ismotscroises.fr\/?page_id=233\",\"url\":\"https:\/\/festival-ismotscroises.fr\/?page_id=233\",\"name\":\"Tournoi des coll\u00e8ges - Le Festival des mots crois\u00e9s \u00e0 Is-sur-Tille\",\"isPartOf\":{\"@id\":\"https:\/\/festival-ismotscroises.fr\/#website\"},\"primaryImageOfPage\":{\"@id\":\"https:\/\/festival-ismotscroises.fr\/?page_id=233#primaryimage\"},\"image\":{\"@id\":\"https:\/\/festival-ismotscroises.fr\/?page_id=233#primaryimage\"},\"thumbnailUrl\":\"http:\/\/festival-ismotscroises.fr\/wp-content\/plugins\/easy-media-gallery-pro\/includes\/images\/trans.png\",\"datePublished\":\"2015-06-18T19:04:13+00:00\",\"dateModified\":\"2023-03-24T14:51:42+00:00\",\"breadcrumb\":{\"@id\":\"https:\/\/festival-ismotscroises.fr\/?page_id=233#breadcrumb\"},\"inLanguage\":\"fr-FR\",\"potentialAction\":[{\"@type\":\"ReadAction\",\"target\":[\"https:\/\/festival-ismotscroises.fr\/?page_id=233\"]}]},{\"@type\":\"ImageObject\",\"inLanguage\":\"fr-FR\",\"@id\":\"https:\/\/festival-ismotscroises.fr\/?page_id=233#primaryimage\",\"url\":\"http:\/\/festival-ismotscroises.fr\/wp-content\/plugins\/easy-media-gallery-pro\/includes\/images\/trans.png\",\"contentUrl\":\"http:\/\/festival-ismotscroises.fr\/wp-content\/plugins\/easy-media-gallery-pro\/includes\/images\/trans.png\"},{\"@type\":\"BreadcrumbList\",\"@id\":\"https:\/\/festival-ismotscroises.fr\/?page_id=233#breadcrumb\",\"itemListElement\":[{\"@type\":\"ListItem\",\"position\":1,\"name\":\"Accueil\",\"item\":\"https:\/\/festival-ismotscroises.fr\/\"},{\"@type\":\"ListItem\",\"position\":2,\"name\":\"Tournoi des coll\u00e8ges\"}]},{\"@type\":\"WebSite\",\"@id\":\"https:\/\/festival-ismotscroises.fr\/#website\",\"url\":\"https:\/\/festival-ismotscroises.fr\/\",\"name\":\"Le Festival des mots crois\u00e9s \u00e0 Is-sur-Tille\",\"description\":\"La ville d&#039;Is-sur-Tille, en C\u00f4te-d&#039;Or, organise un festival annuel de mots crois\u00e9s depuis 1990..\",\"potentialAction\":[{\"@type\":\"SearchAction\",\"target\":{\"@type\":\"EntryPoint\",\"urlTemplate\":\"https:\/\/festival-ismotscroises.fr\/?s={search_term_string}\"},\"query-input\":\"required name=search_term_string\"}],\"inLanguage\":\"fr-FR\"}]}<\/script>\n<!-- \/ Yoast SEO plugin. -->","yoast_head_json":{"title":"Tournoi des coll\u00e8ges - Le Festival des mots crois\u00e9s \u00e0 Is-sur-Tille","robots":{"index":"index","follow":"follow","max-snippet":"max-snippet:-1","max-image-preview":"max-image-preview:large","max-video-preview":"max-video-preview:-1"},"canonical":"https:\/\/festival-ismotscroises.fr\/?page_id=233","og_locale":"fr_FR","og_type":"article","og_title":"Tournoi des coll\u00e8ges - Le Festival des mots crois\u00e9s \u00e0 Is-sur-Tille","og_description":"Tournoi des coll\u00e8ges 2001Les participants\u00a0\u2028\u00c9l\u00e8ves de 5e aux coll\u00e8ges d'Is-sur-Tille et de Selongey, tous les candidats \u00e9taient issus d'une s\u00e9lection qui a eu lieu au mois d'avril.Un tournoi tr\u00e8s disput\u00e9\u2028Sur le papier, les chances semblaient in\u00e9gales puisque le coll\u00e8ge Champ Lumi\u00e8re ne pr\u00e9sentait que 5 \u00e9quipes contre 11 pour son rival d'Is-sur-Tille, le coll\u00e8ge Paul [&hellip;]","og_url":"https:\/\/festival-ismotscroises.fr\/?page_id=233","og_site_name":"Le Festival des mots crois\u00e9s \u00e0 Is-sur-Tille","article_modified_time":"2023-03-24T14:51:42+00:00","og_image":[{"url":"http:\/\/festival-ismotscroises.fr\/wp-content\/plugins\/easy-media-gallery-pro\/includes\/images\/trans.png"}],"twitter_card":"summary_large_image","twitter_misc":{"Dur\u00e9e de lecture estim\u00e9e":"1 minute"},"schema":{"@context":"https:\/\/schema.org","@graph":[{"@type":"WebPage","@id":"https:\/\/festival-ismotscroises.fr\/?page_id=233","url":"https:\/\/festival-ismotscroises.fr\/?page_id=233","name":"Tournoi des coll\u00e8ges - Le Festival des mots crois\u00e9s \u00e0 Is-sur-Tille","isPartOf":{"@id":"https:\/\/festival-ismotscroises.fr\/#website"},"primaryImageOfPage":{"@id":"https:\/\/festival-ismotscroises.fr\/?page_id=233#primaryimage"},"image":{"@id":"https:\/\/festival-ismotscroises.fr\/?page_id=233#primaryimage"},"thumbnailUrl":"http:\/\/festival-ismotscroises.fr\/wp-content\/plugins\/easy-media-gallery-pro\/includes\/images\/trans.png","datePublished":"2015-06-18T19:04:13+00:00","dateModified":"2023-03-24T14:51:42+00:00","breadcrumb":{"@id":"https:\/\/festival-ismotscroises.fr\/?page_id=233#breadcrumb"},"inLanguage":"fr-FR","potentialAction":[{"@type":"ReadAction","target":["https:\/\/festival-ismotscroises.fr\/?page_id=233"]}]},{"@type":"ImageObject","inLanguage":"fr-FR","@id":"https:\/\/festival-ismotscroises.fr\/?page_id=233#primaryimage","url":"http:\/\/festival-ismotscroises.fr\/wp-content\/plugins\/easy-media-gallery-pro\/includes\/images\/trans.png","contentUrl":"http:\/\/festival-ismotscroises.fr\/wp-content\/plugins\/easy-media-gallery-pro\/includes\/images\/trans.png"},{"@type":"BreadcrumbList","@id":"https:\/\/festival-ismotscroises.fr\/?page_id=233#breadcrumb","itemListElement":[{"@type":"ListItem","position":1,"name":"Accueil","item":"https:\/\/festival-ismotscroises.fr\/"},{"@type":"ListItem","position":2,"name":"Tournoi des coll\u00e8ges"}]},{"@type":"WebSite","@id":"https:\/\/festival-ismotscroises.fr\/#website","url":"https:\/\/festival-ismotscroises.fr\/","name":"Le Festival des mots crois\u00e9s \u00e0 Is-sur-Tille","description":"La ville d&#039;Is-sur-Tille, en C\u00f4te-d&#039;Or, organise un festival annuel de mots crois\u00e9s depuis 1990..","potentialAction":[{"@type":"SearchAction","target":{"@type":"EntryPoint","urlTemplate":"https:\/\/festival-ismotscroises.fr\/?s={search_term_string}"},"query-input":"required name=search_term_string"}],"inLanguage":"fr-FR"}]}},"_links":{"self":[{"href":"https:\/\/festival-ismotscroises.fr\/index.php?rest_route=\/wp\/v2\/pages\/233","targetHints":{"allow":["GET"]}}],"collection":[{"href":"https:\/\/festival-ismotscroises.fr\/index.php?rest_route=\/wp\/v2\/pages"}],"about":[{"href":"https:\/\/festival-ismotscroises.fr\/index.php?rest_route=\/wp\/v2\/types\/page"}],"author":[{"embeddable":true,"href":"https:\/\/festival-ismotscroises.fr\/index.php?rest_route=\/wp\/v2\/users\/2"}],"replies":[{"embeddable":true,"href":"https:\/\/festival-ismotscroises.fr\/index.php?rest_route=%2Fwp%2Fv2%2Fcomments&post=233"}],"version-history":[{"count":9,"href":"https:\/\/festival-ismotscroises.fr\/index.php?rest_route=\/wp\/v2\/pages\/233\/revisions"}],"predecessor-version":[{"id":3827,"href":"https:\/\/festival-ismotscroises.fr\/index.php?rest_route=\/wp\/v2\/pages\/233\/revisions\/3827"}],"wp:attachment":[{"href":"https:\/\/festival-ismotscroises.fr\/index.php?rest_route=%2Fwp%2Fv2%2Fmedia&parent=233"}],"curies":[{"name":"wp","href":"https:\/\/api.w.org\/{rel}","templated":true}]}}